{"id":38907,"date":"2023-12-16T11:03:32","date_gmt":"2023-12-16T11:03:32","guid":{"rendered":"https:\/\/wmzpn.pl\/?page_id=38907"},"modified":"2024-03-26T08:50:20","modified_gmt":"2024-03-26T08:50:20","slug":"wosp-oddzial-elblag","status":"publish","type":"page","link":"https:\/\/wmzpn.pl\/?page_id=38907","title":{"rendered":"WOSP &#8211; Oddzia\u0142 Elbl\u0105g"},"content":{"rendered":"\n<p><\/p>\n\n\n<ul>\n<li>Podstawowe informacje o o\u015brodku<\/li>\n<\/ul>\n<p>Istnieje od 2018 roku w Zespole Szk\u00f3\u0142 i Plac\u00f3wek Sportowych z Oddzia\u0142ami Mistrzostwa Sportowego w\u00a0 Elbl\u0105gu,<\/p>\n<p>IV Liceum Og\u00f3lnokszta\u0142c\u0105ce w Elbl\u0105gu ul. Sienkiewicza 4 82-300 Elbl\u0105g:<\/p>\n<p>5 oddzia\u0142\u00f3w sportowych i jeden oddzia\u0142 mistrzostwa sportowego<\/p>\n<p>Liczba uczni\u00f3w 121<\/p>\n<p>Obiekty szkolne: dwie pe\u0142nowymiarowe hale sportowe, wewn\u0119trzna bie\u017cnia tartanowa, sala do zaj\u0119\u0107 judo, \u015bcianka wspinaczkowa, sala rowerowa, boisko typu orlik, si\u0142ownia<\/p>\n<p>Obiekty klubowe, miejskie z kt\u00f3rych korzysta o\u015brodek :<\/p>\n<p>&#8211;\u00a0 kompleks treningowy ZKS Olimpii Elbl\u0105g przy ul. Moniuszki 29 ( dwa naturalne boiska treningowe)<\/p>\n<p>&#8211; kompleks treningowy MOSiR przy ul. Skrzydlatej 1 A ( boisko ze sztuczna i naturaln\u0105 nawierzchni\u0105)<\/p>\n<div id='gallery-1' class='gallery galleryid-38907 gallery-columns-1 gallery-size-td_696x385'><figure class='gallery-item'>\n\t\t\t<div class='gallery-icon landscape'>\n\t\t\t\t<a href='https:\/\/wmzpn.pl\/wp-content\/uploads\/2024\/02\/Boisko-skrzydlata-zrodlo-MOSiR.jpg'><img loading=\"lazy\" decoding=\"async\" width=\"696\" height=\"385\" src=\"https:\/\/wmzpn.pl\/wp-content\/uploads\/2024\/02\/Boisko-skrzydlata-zrodlo-MOSiR-696x385.jpg\" class=\"attachment-td_696x385 size-td_696x385\" alt=\"\" \/><\/a>\n\t\t\t<\/div><\/figure><figure class='gallery-item'>\n\t\t\t<div class='gallery-icon landscape'>\n\t\t\t\t<a href='https:\/\/wmzpn.pl\/wp-content\/uploads\/2024\/02\/hala-2-scaled.jpeg'><img loading=\"lazy\" decoding=\"async\" width=\"696\" height=\"385\" src=\"https:\/\/wmzpn.pl\/wp-content\/uploads\/2024\/02\/hala-2-696x385.jpeg\" class=\"attachment-td_696x385 size-td_696x385\" alt=\"\" \/><\/a>\n\t\t\t<\/div><\/figure><figure class='gallery-item'>\n\t\t\t<div class='gallery-icon landscape'>\n\t\t\t\t<a href='https:\/\/wmzpn.pl\/wp-content\/uploads\/2024\/02\/hala-IV-LO-scaled.jpeg'><img loading=\"lazy\" decoding=\"async\" width=\"696\" height=\"385\" src=\"https:\/\/wmzpn.pl\/wp-content\/uploads\/2024\/02\/hala-IV-LO-696x385.jpeg\" class=\"attachment-td_696x385 size-td_696x385\" alt=\"\" \/><\/a>\n\t\t\t<\/div><\/figure><figure class='gallery-item'>\n\t\t\t<div class='gallery-icon landscape'>\n\t\t\t\t<a href='https:\/\/wmzpn.pl\/wp-content\/uploads\/2024\/02\/hala-tartanowa-I.jpeg'><img loading=\"lazy\" decoding=\"async\" width=\"696\" height=\"385\" src=\"https:\/\/wmzpn.pl\/wp-content\/uploads\/2024\/02\/hala-tartanowa-I-696x385.jpeg\" class=\"attachment-td_696x385 size-td_696x385\" alt=\"\" \/><\/a>\n\t\t\t<\/div><\/figure><figure class='gallery-item'>\n\t\t\t<div class='gallery-icon landscape'>\n\t\t\t\t<a href='https:\/\/wmzpn.pl\/wp-content\/uploads\/2024\/02\/sala-judo-2-scaled.jpeg'><img loading=\"lazy\" decoding=\"async\" width=\"696\" height=\"385\" src=\"https:\/\/wmzpn.pl\/wp-content\/uploads\/2024\/02\/sala-judo-2-696x385.jpeg\" class=\"attachment-td_696x385 size-td_696x385\" alt=\"\" \/><\/a>\n\t\t\t<\/div><\/figure><figure class='gallery-item'>\n\t\t\t<div class='gallery-icon landscape'>\n\t\t\t\t<a href='https:\/\/wmzpn.pl\/wp-content\/uploads\/2024\/02\/sala-rowerowa-scaled.jpeg'><img loading=\"lazy\" decoding=\"async\" width=\"696\" height=\"385\" src=\"https:\/\/wmzpn.pl\/wp-content\/uploads\/2024\/02\/sala-rowerowa-696x385.jpeg\" class=\"attachment-td_696x385 size-td_696x385\" alt=\"\" \/><\/a>\n\t\t\t<\/div><\/figure><figure class='gallery-item'>\n\t\t\t<div class='gallery-icon landscape'>\n\t\t\t\t<a href='https:\/\/wmzpn.pl\/wp-content\/uploads\/2024\/02\/silopwnia-IV-LO-scaled.jpeg'><img loading=\"lazy\" decoding=\"async\" width=\"696\" height=\"385\" src=\"https:\/\/wmzpn.pl\/wp-content\/uploads\/2024\/02\/silopwnia-IV-LO-696x385.jpeg\" class=\"attachment-td_696x385 size-td_696x385\" alt=\"\" \/><\/a>\n\t\t\t<\/div><\/figure>\n\t\t<\/div>\n\n<p>&#8211; O\u015brodek pod patronatem ZKS Olimpii Elbl\u0105g, kt\u00f3ra wsp\u00f3\u0142pracuje z nast\u0119puj\u0105cymi klubami:<\/p>\n<p>Polonia Lidzbark Warmi\u0144ski, Polonia Pas\u0142\u0119k,\u00a0 Zatoka Braniewo, Pomowiec Gronowo,\u00a0 Barkas Tolkmicko , D\u0105b Kadyny, El-Futbol Elbl\u0105g.<\/p>\n<ul>\n<li><strong>Trenerzy:<\/strong><\/li>\n<\/ul>\n<p>Koordynator o\u015brodka : Karol Przyby\u0142a lic. UEFA A, UEFA Elite Youth A, edukator PZPN<\/p>\n<div id='gallery-2' class='gallery galleryid-38907 gallery-columns-1 gallery-size-td_696x385'><figure class='gallery-item'>\n\t\t\t<div class='gallery-icon landscape'>\n\t\t\t\t<a href='https:\/\/wmzpn.pl\/wp-content\/uploads\/2024\/02\/Karol-Przybyla-scaled.jpeg'><img loading=\"lazy\" decoding=\"async\" width=\"696\" height=\"385\" src=\"https:\/\/wmzpn.pl\/wp-content\/uploads\/2024\/02\/Karol-Przybyla-696x385.jpeg\" class=\"attachment-td_696x385 size-td_696x385\" alt=\"\" \/><\/a>\n\t\t\t<\/div><\/figure>\n\t\t<\/div>\n\n<p>Bart\u0142omiej Florek &#8211; klasa I a (SMS) &#8211; lic. UEFA A<\/p>\n<div id='gallery-3' class='gallery galleryid-38907 gallery-columns-1 gallery-size-td_696x385'><figure class='gallery-item'>\n\t\t\t<div class='gallery-icon portrait'>\n\t\t\t\t<a href='https:\/\/wmzpn.pl\/wp-content\/uploads\/2024\/02\/Bartlomiej-Florek-scaled.jpeg'><img loading=\"lazy\" decoding=\"async\" width=\"696\" height=\"385\" src=\"https:\/\/wmzpn.pl\/wp-content\/uploads\/2024\/02\/Bartlomiej-Florek-696x385.jpeg\" class=\"attachment-td_696x385 size-td_696x385\" alt=\"\" \/><\/a>\n\t\t\t<\/div><\/figure>\n\t\t<\/div>\n\n<p>Adam Albertowicz &#8211; klasa I b &#8211; lic. UEFA A, trener wsp\u00f3\u0142pracuj\u0105cy z ramienia klubu Micha\u0142 Pietro\u0144 &#8211; lic. UEFA B<\/p>\n<div id='gallery-4' class='gallery galleryid-38907 gallery-columns-1 gallery-size-td_696x385'><figure class='gallery-item'>\n\t\t\t<div class='gallery-icon landscape'>\n\t\t\t\t<a href='https:\/\/wmzpn.pl\/wp-content\/uploads\/2024\/02\/Adam-Albertowicz-scaled.jpeg'><img loading=\"lazy\" decoding=\"async\" width=\"696\" height=\"385\" src=\"https:\/\/wmzpn.pl\/wp-content\/uploads\/2024\/02\/Adam-Albertowicz-696x385.jpeg\" class=\"attachment-td_696x385 size-td_696x385\" alt=\"\" \/><\/a>\n\t\t\t<\/div><\/figure>\n\t\t<\/div>\n\n<p>Trener wsp\u00f3\u0142pracuj\u0105cy z ramienia klubu Rafa\u0142 Starzy\u0144ski &#8211; lic. UEFA A<\/p>\n<div id='gallery-5' class='gallery galleryid-38907 gallery-columns-1 gallery-size-td_696x385'><figure class='gallery-item'>\n\t\t\t<div class='gallery-icon landscape'>\n\t\t\t\t<a href='https:\/\/wmzpn.pl\/wp-content\/uploads\/2024\/02\/Rafal-Starzynski-scaled.jpeg'><img loading=\"lazy\" decoding=\"async\" width=\"696\" height=\"385\" src=\"https:\/\/wmzpn.pl\/wp-content\/uploads\/2024\/02\/Rafal-Starzynski-696x385.jpeg\" class=\"attachment-td_696x385 size-td_696x385\" alt=\"\" \/><\/a>\n\t\t\t<\/div><\/figure>\n\t\t<\/div>\n\n<p>Trener bramkarzy: Adam Urbanowicz<\/p>\n<div id='gallery-6' class='gallery galleryid-38907 gallery-columns-1 gallery-size-td_696x385'><figure class='gallery-item'>\n\t\t\t<div class='gallery-icon landscape'>\n\t\t\t\t<a href='https:\/\/wmzpn.pl\/wp-content\/uploads\/2024\/02\/Adam-Urbanowicz-scaled.jpeg'><img loading=\"lazy\" decoding=\"async\" width=\"696\" height=\"385\" src=\"https:\/\/wmzpn.pl\/wp-content\/uploads\/2024\/02\/Adam-Urbanowicz-696x385.jpeg\" class=\"attachment-td_696x385 size-td_696x385\" alt=\"\" \/><\/a>\n\t\t\t<\/div><\/figure>\n\t\t<\/div>\n\n<p>Trener przygotowania motorycznego : Marcel Stefaniak<\/p>\n<div id='gallery-7' class='gallery galleryid-38907 gallery-columns-1 gallery-size-td_696x385'><figure class='gallery-item'>\n\t\t\t<div class='gallery-icon landscape'>\n\t\t\t\t<a href='https:\/\/wmzpn.pl\/wp-content\/uploads\/2024\/02\/Marcel-Stefaniak-scaled.jpeg'><img loading=\"lazy\" decoding=\"async\" width=\"696\" height=\"385\" src=\"https:\/\/wmzpn.pl\/wp-content\/uploads\/2024\/02\/Marcel-Stefaniak-696x385.jpeg\" class=\"attachment-td_696x385 size-td_696x385\" alt=\"\" \/><\/a>\n\t\t\t<\/div><\/figure>\n\t\t<\/div>\n\n<p>Trener przygotowania motorycznego &#8211; judo : Dawid Diffenach<\/p>\n<div id='gallery-8' class='gallery galleryid-38907 gallery-columns-1 gallery-size-td_696x385'><figure class='gallery-item'>\n\t\t\t<div class='gallery-icon portrait'>\n\t\t\t\t<a href='https:\/\/wmzpn.pl\/wp-content\/uploads\/2024\/02\/Dawid-Diffenbach-scaled.jpeg'><img loading=\"lazy\" decoding=\"async\" width=\"696\" height=\"385\" src=\"https:\/\/wmzpn.pl\/wp-content\/uploads\/2024\/02\/Dawid-Diffenbach-696x385.jpeg\" class=\"attachment-td_696x385 size-td_696x385\" alt=\"\" \/><\/a>\n\t\t\t<\/div><\/figure>\n\t\t<\/div>\n\n<ul>\n<li><strong>Zdj\u0119cia klas<\/strong><\/li>\n<\/ul>\n<div id='gallery-9' class='gallery galleryid-38907 gallery-columns-1 gallery-size-td_696x385'><figure class='gallery-item'>\n\t\t\t<div class='gallery-icon landscape'>\n\t\t\t\t<a href='https:\/\/wmzpn.pl\/wp-content\/uploads\/2024\/02\/klasa-1-b-I-scaled.jpeg'><img loading=\"lazy\" decoding=\"async\" width=\"696\" height=\"385\" src=\"https:\/\/wmzpn.pl\/wp-content\/uploads\/2024\/02\/klasa-1-b-I-696x385.jpeg\" class=\"attachment-td_696x385 size-td_696x385\" alt=\"\" aria-describedby=\"gallery-9-39580\" \/><\/a>\n\t\t\t<\/div>\n\t\t\t\t<figcaption class='wp-caption-text gallery-caption' id='gallery-9-39580'>\n\t\t\t\tklasa 1 b I\n\t\t\t\t<\/figcaption><\/figure><figure class='gallery-item'>\n\t\t\t<div class='gallery-icon landscape'>\n\t\t\t\t<a href='https:\/\/wmzpn.pl\/wp-content\/uploads\/2024\/02\/klasa-2-b-I-scaled.jpeg'><img loading=\"lazy\" decoding=\"async\" width=\"696\" height=\"385\" src=\"https:\/\/wmzpn.pl\/wp-content\/uploads\/2024\/02\/klasa-2-b-I-696x385.jpeg\" class=\"attachment-td_696x385 size-td_696x385\" alt=\"\" aria-describedby=\"gallery-9-39581\" \/><\/a>\n\t\t\t<\/div>\n\t\t\t\t<figcaption class='wp-caption-text gallery-caption' id='gallery-9-39581'>\n\t\t\t\tklasa 2 b I\n\t\t\t\t<\/figcaption><\/figure><figure class='gallery-item'>\n\t\t\t<div class='gallery-icon landscape'>\n\t\t\t\t<a href='https:\/\/wmzpn.pl\/wp-content\/uploads\/2024\/02\/klasa-2-b-II-scaled.jpeg'><img loading=\"lazy\" decoding=\"async\" width=\"696\" height=\"385\" src=\"https:\/\/wmzpn.pl\/wp-content\/uploads\/2024\/02\/klasa-2-b-II-696x385.jpeg\" class=\"attachment-td_696x385 size-td_696x385\" alt=\"\" aria-describedby=\"gallery-9-39582\" \/><\/a>\n\t\t\t<\/div>\n\t\t\t\t<figcaption class='wp-caption-text gallery-caption' id='gallery-9-39582'>\n\t\t\t\tklasa 2 b II\n\t\t\t\t<\/figcaption><\/figure><figure class='gallery-item'>\n\t\t\t<div class='gallery-icon landscape'>\n\t\t\t\t<a href='https:\/\/wmzpn.pl\/wp-content\/uploads\/2024\/02\/klasa-I-a-sms-I-scaled.jpeg'><img loading=\"lazy\" decoding=\"async\" width=\"696\" height=\"385\" src=\"https:\/\/wmzpn.pl\/wp-content\/uploads\/2024\/02\/klasa-I-a-sms-I-696x385.jpeg\" class=\"attachment-td_696x385 size-td_696x385\" alt=\"\" aria-describedby=\"gallery-9-39583\" \/><\/a>\n\t\t\t<\/div>\n\t\t\t\t<figcaption class='wp-caption-text gallery-caption' id='gallery-9-39583'>\n\t\t\t\tklasa I a sms I\n\t\t\t\t<\/figcaption><\/figure><figure class='gallery-item'>\n\t\t\t<div class='gallery-icon landscape'>\n\t\t\t\t<a href='https:\/\/wmzpn.pl\/wp-content\/uploads\/2024\/02\/klasa-I-a-sms-II-scaled.jpeg'><img loading=\"lazy\" decoding=\"async\" width=\"696\" height=\"385\" src=\"https:\/\/wmzpn.pl\/wp-content\/uploads\/2024\/02\/klasa-I-a-sms-II-696x385.jpeg\" class=\"attachment-td_696x385 size-td_696x385\" alt=\"\" aria-describedby=\"gallery-9-39584\" \/><\/a>\n\t\t\t<\/div>\n\t\t\t\t<figcaption class='wp-caption-text gallery-caption' id='gallery-9-39584'>\n\t\t\t\tklasa I a sms II\n\t\t\t\t<\/figcaption><\/figure><figure class='gallery-item'>\n\t\t\t<div class='gallery-icon landscape'>\n\t\t\t\t<a href='https:\/\/wmzpn.pl\/wp-content\/uploads\/2024\/02\/klasa-I-b-II-scaled.jpeg'><img loading=\"lazy\" decoding=\"async\" width=\"696\" height=\"385\" src=\"https:\/\/wmzpn.pl\/wp-content\/uploads\/2024\/02\/klasa-I-b-II-696x385.jpeg\" class=\"attachment-td_696x385 size-td_696x385\" alt=\"\" aria-describedby=\"gallery-9-39585\" \/><\/a>\n\t\t\t<\/div>\n\t\t\t\t<figcaption class='wp-caption-text gallery-caption' id='gallery-9-39585'>\n\t\t\t\tklasa I b II\n\t\t\t\t<\/figcaption><\/figure><figure class='gallery-item'>\n\t\t\t<div class='gallery-icon landscape'>\n\t\t\t\t<a href='https:\/\/wmzpn.pl\/wp-content\/uploads\/2024\/02\/klasa-II-a-I-scaled.jpeg'><img loading=\"lazy\" decoding=\"async\" width=\"696\" height=\"385\" src=\"https:\/\/wmzpn.pl\/wp-content\/uploads\/2024\/02\/klasa-II-a-I-696x385.jpeg\" class=\"attachment-td_696x385 size-td_696x385\" alt=\"\" aria-describedby=\"gallery-9-39586\" \/><\/a>\n\t\t\t<\/div>\n\t\t\t\t<figcaption class='wp-caption-text gallery-caption' id='gallery-9-39586'>\n\t\t\t\tklasa II a I\n\t\t\t\t<\/figcaption><\/figure><figure class='gallery-item'>\n\t\t\t<div class='gallery-icon landscape'>\n\t\t\t\t<a href='https:\/\/wmzpn.pl\/wp-content\/uploads\/2024\/02\/klasa-II-a-II-scaled.jpeg'><img loading=\"lazy\" decoding=\"async\" width=\"696\" height=\"385\" src=\"https:\/\/wmzpn.pl\/wp-content\/uploads\/2024\/02\/klasa-II-a-II-696x385.jpeg\" class=\"attachment-td_696x385 size-td_696x385\" alt=\"\" aria-describedby=\"gallery-9-39587\" \/><\/a>\n\t\t\t<\/div>\n\t\t\t\t<figcaption class='wp-caption-text gallery-caption' id='gallery-9-39587'>\n\t\t\t\tklasa II a II\n\t\t\t\t<\/figcaption><\/figure><figure class='gallery-item'>\n\t\t\t<div class='gallery-icon landscape'>\n\t\t\t\t<a href='https:\/\/wmzpn.pl\/wp-content\/uploads\/2024\/02\/klasa-III-b-I-scaled.jpeg'><img loading=\"lazy\" decoding=\"async\" width=\"696\" height=\"385\" src=\"https:\/\/wmzpn.pl\/wp-content\/uploads\/2024\/02\/klasa-III-b-I-696x385.jpeg\" class=\"attachment-td_696x385 size-td_696x385\" alt=\"\" aria-describedby=\"gallery-9-39588\" \/><\/a>\n\t\t\t<\/div>\n\t\t\t\t<figcaption class='wp-caption-text gallery-caption' id='gallery-9-39588'>\n\t\t\t\tklasa III b I\n\t\t\t\t<\/figcaption><\/figure><figure class='gallery-item'>\n\t\t\t<div class='gallery-icon landscape'>\n\t\t\t\t<a href='https:\/\/wmzpn.pl\/wp-content\/uploads\/2024\/02\/klasa-III-b-II-scaled.jpeg'><img loading=\"lazy\" decoding=\"async\" width=\"696\" height=\"385\" src=\"https:\/\/wmzpn.pl\/wp-content\/uploads\/2024\/02\/klasa-III-b-II-696x385.jpeg\" class=\"attachment-td_696x385 size-td_696x385\" alt=\"\" aria-describedby=\"gallery-9-39589\" \/><\/a>\n\t\t\t<\/div>\n\t\t\t\t<figcaption class='wp-caption-text gallery-caption' id='gallery-9-39589'>\n\t\t\t\tklasa III b II\n\t\t\t\t<\/figcaption><\/figure><figure class='gallery-item'>\n\t\t\t<div class='gallery-icon landscape'>\n\t\t\t\t<a href='https:\/\/wmzpn.pl\/wp-content\/uploads\/2024\/02\/klasa-IV-B-I-scaled.jpeg'><img loading=\"lazy\" decoding=\"async\" width=\"696\" height=\"385\" src=\"https:\/\/wmzpn.pl\/wp-content\/uploads\/2024\/02\/klasa-IV-B-I-696x385.jpeg\" class=\"attachment-td_696x385 size-td_696x385\" alt=\"\" aria-describedby=\"gallery-9-39590\" \/><\/a>\n\t\t\t<\/div>\n\t\t\t\t<figcaption class='wp-caption-text gallery-caption' id='gallery-9-39590'>\n\t\t\t\tklasa IV B I\n\t\t\t\t<\/figcaption><\/figure><figure class='gallery-item'>\n\t\t\t<div class='gallery-icon landscape'>\n\t\t\t\t<a href='https:\/\/wmzpn.pl\/wp-content\/uploads\/2024\/02\/klasa-IV-b-II-scaled.jpeg'><img loading=\"lazy\" decoding=\"async\" width=\"696\" height=\"385\" src=\"https:\/\/wmzpn.pl\/wp-content\/uploads\/2024\/02\/klasa-IV-b-II-696x385.jpeg\" class=\"attachment-td_696x385 size-td_696x385\" alt=\"\" aria-describedby=\"gallery-9-39591\" \/><\/a>\n\t\t\t<\/div>\n\t\t\t\t<figcaption class='wp-caption-text gallery-caption' id='gallery-9-39591'>\n\t\t\t\tklasa IV b II\n\t\t\t\t<\/figcaption><\/figure>\n\t\t<\/div>\n\n<ul>\n<li><strong>Wychowankowie<\/strong><\/li>\n<\/ul>\n<p>Jakub Branecki (rocznik 2003) Bruk-Bet Termalica Nieciecza<\/p>\n<p>Klaudiusz Krasa (rocznik 2001) Resovia Rzesz\u00f3w<\/p>\n<p><strong>II liga :<\/strong><\/p>\n<p>Dawid Wierzba ( rocznik 2001) ZKS Olimpia Elbl\u0105g<\/p>\n<p>Pawe\u0142 Kazimierowski (rocznik 2002) ZKS Olimpia Elbl\u0105g<\/p>\n<p>Konrad \u0141abecki (rocznik 2003) ZKS Olimpia Elbl\u0105g<\/p>\n<p>Marcin Czernis\u00a0 (rocznik 2003) ZKS Olimpia Elbl\u0105g<\/p>\n<p>Kacper Filipczyk (rocznik 2003) ZKS Olimpia Elbl\u0105g<\/p>\n<p>Dominik Kozera (rocznik 2004) ZKS Olimpia Elbl\u0105g<\/p>\n<p>Kacper \u0141aszak (rocznik 2005) ZKS Olimpia Elbl\u0105g<\/p>\n<p><strong>III liga <\/strong><\/p>\n<p>Oskar Kottlenga (rocznik 2002) Concordia Elbl\u0105g<\/p>\n<p>Szymon Drewek\u00a0 (rocznik 2002) Concordia Elbl\u0105g<\/p>\n<p>Miko\u0142aj Doniecki (rocznik 2005) Concordia Elbl\u0105g<\/p>\n<p><strong>for BET IV Liga<\/strong><\/p>\n<p>ZKS Olimpia Elbl\u0105g:<\/p>\n<p>Choi\u0144ski Mi\u0142osz (rocznik 2006), Czapli\u0144ski Dawid (rocznik 2007), Dettlaff Witold Dawid (rocznik 2007), Dziurdzia Alan (rocznik 2005), Fidurski Rafa\u0142 Alan (rocznik 2005), Furma\u0144ski Konrad Dawid (rocznik 2007), Kasprzykowski Filip Alan (rocznik 2005), Kry\u0144ski Aleks Dawid (rocznik 2007), Kulikowski Maciej(rocznik 2006), Leszczy\u0144ski Bartosz (rocznik 2005), Mural Jakub (rocznik 2006), Olbry\u015b Filip (rocznik 2005), Pir\u00f3g Jan (rocznik 2006), Prystupa Marcel (rocznik 2006), Ruci\u0144ski Micha\u0142 (rocznik 2005), Rychter Adam Dawid (rocznik 2007), Str\u00f3\u017cewski Wojciech (rocznik 2005), Tobojka Maciej (rocznik 2006), Winiarczyk Igor (rocznik 2006), \u0141\u0105pie\u015b Artur (rocznik 2005)<\/p>\n<p>Polonia Lidzbark Warmi\u0144ski:<\/p>\n<p>Bart\u0142omiej Gorzycki, Dawid Winiarski, Jan Lechowid, DKS Dobre Miasto,Ariel Szymonowicz<\/p>\n<p>Jeziorak I\u0142awa:<\/p>\n<p>Dawid Panek, Adrian Szantyr<\/p>\n<ul>\n<li><strong>Dane kontaktowe\/koordynator<\/strong><\/li>\n<\/ul>\n<p>Zesp\u00f3\u0142 Szk\u00f3\u0142 i Plac\u00f3wek Sportowych z Oddzia\u0142ami Mistrzostwa Sportowego w Elbl\u0105gu, e-mail: zsips@elblag.eu<\/p>\n<p>dyrektor 55 625 87 80<br \/>sekretariat 55 625 89 40<br \/>wicedyrektor 55 625 89 44<br \/>koordynator : Karol Przyby\u0142a 500-167-363<br \/>karol.przybyla@wmzpn.pl<\/p>","protected":false},"excerpt":{"rendered":"<p>Podstawowe informacje o o\u015brodku Istnieje od 2018 roku w Zespole Szk\u00f3\u0142 i Plac\u00f3wek Sportowych z Oddzia\u0142ami Mistrzostwa Sportowego w\u00a0 Elbl\u0105gu, IV Liceum Og\u00f3lnokszta\u0142c\u0105ce w Elbl\u0105gu ul. Sienkiewicza 4 82-300 Elbl\u0105g: 5 oddzia\u0142\u00f3w sportowych i jeden oddzia\u0142 mistrzostwa sportowego Liczba uczni\u00f3w 121 Obiekty szkolne: dwie pe\u0142nowymiarowe hale sportowe, wewn\u0119trzna bie\u017cnia tartanowa, sala do zaj\u0119\u0107 judo, \u015bcianka [&hellip;]<\/p>\n","protected":false},"author":7,"featured_media":0,"parent":0,"menu_order":0,"comment_status":"closed","ping_status":"closed","template":"","meta":{"footnotes":""},"class_list":["post-38907","page","type-page","status-publish","hentry"],"_links":{"self":[{"href":"https:\/\/wmzpn.pl\/index.php?rest_route=\/wp\/v2\/pages\/38907","targetHints":{"allow":["GET"]}}],"collection":[{"href":"https:\/\/wmzpn.pl\/index.php?rest_route=\/wp\/v2\/pages"}],"about":[{"href":"https:\/\/wmzpn.pl\/index.php?rest_route=\/wp\/v2\/types\/page"}],"author":[{"embeddable":true,"href":"https:\/\/wmzpn.pl\/index.php?rest_route=\/wp\/v2\/users\/7"}],"replies":[{"embeddable":true,"href":"https:\/\/wmzpn.pl\/index.php?rest_route=%2Fwp%2Fv2%2Fcomments&post=38907"}],"version-history":[{"count":7,"href":"https:\/\/wmzpn.pl\/index.php?rest_route=\/wp\/v2\/pages\/38907\/revisions"}],"predecessor-version":[{"id":39996,"href":"https:\/\/wmzpn.pl\/index.php?rest_route=\/wp\/v2\/pages\/38907\/revisions\/39996"}],"wp:attachment":[{"href":"https:\/\/wmzpn.pl\/index.php?rest_route=%2Fwp%2Fv2%2Fmedia&parent=38907"}],"curies":[{"name":"wp","href":"https:\/\/api.w.org\/{rel}","templated":true}]}}